{"version":"1.0","provider_name":"G21 - biura do wynaj\u0119cia","provider_url":"https:\/\/g21.com.pl\/en","author_name":"admin","author_url":"https:\/\/g21.com.pl\/en\/author\/admin\/","title":"Architektura i funkcjonalno\u015b\u0107 - G21 - biura do wynaj\u0119cia","type":"rich","width":600,"height":338,"html":"<blockquote class=\"wp-embedded-content\" data-secret=\"rDmS9pKU7p\"><a href=\"https:\/\/g21.com.pl\/en\/architektura-i-funkcjonalnosc\/\">Architecture &amp; functionality<\/a><\/blockquote><iframe sandbox=\"allow-scripts\" security=\"restricted\" src=\"https:\/\/g21.com.pl\/en\/architektura-i-funkcjonalnosc\/embed\/#?secret=rDmS9pKU7p\" width=\"600\" height=\"338\" title=\"&#8220;Architektura i funkcjonalno\u015b\u0107&#8221; &#8212; G21 - biura do wynaj\u0119cia\" data-secret=\"rDmS9pKU7p\" frameborder=\"0\" marginwidth=\"0\" marginheight=\"0\" scrolling=\"no\" class=\"wp-embedded-content\"><\/iframe><script>\n\/*! This file is auto-generated *\/\n!function(d,l){\"use strict\";l.querySelector&&d.addEventListener&&\"undefined\"!=typeof URL&&(d.wp=d.wp||{},d.wp.receiveEmbedMessage||(d.wp.receiveEmbedMessage=function(e){var t=e.data;if((t||t.secret||t.message||t.value)&&!\/[^a-zA-Z0-9]\/.test(t.secret)){for(var s,r,n,a=l.querySelectorAll('iframe[data-secret=\"'+t.secret+'\"]'),o=l.querySelectorAll('blockquote[data-secret=\"'+t.secret+'\"]'),c=new RegExp(\"^https?:$\",\"i\"),i=0;i<o.length;i++)o[i].style.display=\"none\";for(i=0;i<a.length;i++)s=a[i],e.source===s.contentWindow&&(s.removeAttribute(\"style\"),\"height\"===t.message?(1e3<(r=parseInt(t.value,10))?r=1e3:~~r<200&&(r=200),s.height=r):\"link\"===t.message&&(r=new URL(s.getAttribute(\"src\")),n=new URL(t.value),c.test(n.protocol))&&n.host===r.host&&l.activeElement===s&&(d.top.location.href=t.value))}},d.addEventListener(\"message\",d.wp.receiveEmbedMessage,!1),l.addEventListener(\"DOMContentLoaded\",function(){for(var e,t,s=l.querySelectorAll(\"iframe.wp-embedded-content\"),r=0;r<s.length;r++)(t=(e=s[r]).getAttribute(\"data-secret\"))||(t=Math.random().toString(36).substring(2,12),e.src+=\"#?secret=\"+t,e.setAttribute(\"data-secret\",t)),e.contentWindow.postMessage({message:\"ready\",secret:t},\"*\")},!1)))}(window,document);\n\/\/# sourceURL=https:\/\/g21.com.pl\/wp-includes\/js\/wp-embed.min.js\n<\/script>","description":"Architektura i funkcjonalno\u015b\u0107 NAJWY\u017bSZA KLASA G21 to jeden z pierwszych, komercyjnych obiekt\u00f3w klasy A wzniesionych w Krakowie po 1990 roku. Uwag\u0119 znawc\u00f3w architektury przyci\u0105ga nie tylko\u00a0nagrod\u0105 SARP, ale przede wszystkim znakomitymi proporcjami, monumentalno\u015bci\u0105 oraz wsp\u00f3\u0142czesnym projektem nawi\u0105zuj\u0105cym do tradycji polskiego modernizmu. Budynek wyko\u0144czono przy u\u017cyciu trwa\u0142ych materia\u0142\u00f3w, z dwoma typami elewacji zewn\u0119trznej. Od frontu dominuje [&hellip;]","thumbnail_url":"http:\/\/g21.com.pl\/wp-content\/uploads\/2023\/03\/45fab00118ddff9239ea2813984f20da_slide3-1024x683.jpg"}